{"id":29844,"date":"2025-11-04T09:53:45","date_gmt":"2025-11-04T14:53:45","guid":{"rendered":"https:\/\/harleyvicto.com\/motorcycle\/harley-davidson-nightster-special-black-denim-2026\/"},"modified":"2026-04-23T15:36:22","modified_gmt":"2026-04-23T19:36:22","slug":"harley-davidson-nightster-special-black-denim-2026","status":"publish","type":"motorcycle","link":"https:\/\/harleyvicto.com\/fr\/motocyclette\/harley-davidson-nightster-special-black-denim-2026\/","title":{"rendered":"Harley-Davidson Nightster\u00ae Special Black Denim 2026"},"featured_media":0,"template":"","price-range":[6],"acf":{"new_vehicle_instock_make":"Harley-Davidson","new_vehicle_model":"Nightster\u00ae Special Black Denim","new_vehicle_year":"2026","new_vehicle_type":"Sport","new_vehicle_colours":"Black Denim","new_vehicle_description":"","new_vehicle_instock_images":[{"new_vehicle_image":"https:\/\/cdn.powergo.ca\/media\/catalog\/2025\/45\/dc5656d0416647d1ba0395f0bf9aabcd_1024x768_webp\/harley-davidson-nightster-special-black-denim-2026-0.webp"},{"new_vehicle_image":"https:\/\/cdn.powergo.ca\/media\/catalog\/2025\/45\/c4bfa3ce6fc744479dd97fa26fedebe3_1024x768_webp\/harley-davidson-nightster-special-black-denim-2026-1.webp"},{"new_vehicle_image":"https:\/\/cdn.powergo.ca\/media\/catalog\/2025\/45\/b0e2cd773268462f97944f4a3e1c63cf_1024x768_webp\/harley-davidson-nightster-special-black-denim-2026-2.webp"},{"new_vehicle_image":"https:\/\/cdn.powergo.ca\/media\/catalog\/2025\/45\/87e61a5fd9d5487386823620a143a4e0_1024x768_webp\/harley-davidson-nightster-special-black-denim-2026-3.webp"}],"new_vehicle_price":"15599.00","new_vehicle_price_discount":"","new_vehicle_price_fees_included":false,"new_vehicle_specs":[{"new_vehicle_spec_label":"Longueur","new_vehicle_spec_value":"2 265 mm (89,2 po)","new_vehicle_spec_group":"Dimensions"},{"new_vehicle_spec_label":"Largeur totale","new_vehicle_spec_value":"860 mm (33,9 po)","new_vehicle_spec_group":"Dimensions"},{"new_vehicle_spec_label":"Hauteur totale","new_vehicle_spec_value":"1 185 mm (46,7 po)","new_vehicle_spec_group":"Dimensions"},{"new_vehicle_spec_label":"Hauteur de selle, sans charge","new_vehicle_spec_value":"715 mm (28,1 po)","new_vehicle_spec_group":"Dimensions"},{"new_vehicle_spec_label":"Hauteur de selle, sans charge (position de selle basse)","new_vehicle_spec_value":"","new_vehicle_spec_group":"Dimensions"},{"new_vehicle_spec_label":"Hauteur de selle, sans charge (position de selle haute)","new_vehicle_spec_value":"","new_vehicle_spec_group":"Dimensions"},{"new_vehicle_spec_label":"Hauteur de selle, sans charge (position basse avec suspension ARH optionnelle)","new_vehicle_spec_value":"","new_vehicle_spec_group":"Dimensions"},{"new_vehicle_spec_label":"Hauteur de selle, sans charge (position haute avec suspension ARH optionnelle)","new_vehicle_spec_value":"","new_vehicle_spec_group":"Dimensions"},{"new_vehicle_spec_label":"Garde au sol statique","new_vehicle_spec_value":"120 mm (4,7 po)","new_vehicle_spec_group":"Dimensions"},{"new_vehicle_spec_label":"Garde au sol statique sans ARH","new_vehicle_spec_value":"","new_vehicle_spec_group":"Dimensions"},{"new_vehicle_spec_label":"Garde au sol statique avec ARH","new_vehicle_spec_value":"","new_vehicle_spec_group":"Dimensions"},{"new_vehicle_spec_label":"Garde au sol dynamique (avec suspension optionnelle)","new_vehicle_spec_value":"","new_vehicle_spec_group":"Dimensions"},{"new_vehicle_spec_label":"Angle de chasse (pivot de direction)","new_vehicle_spec_value":"30","new_vehicle_spec_group":"Dimensions"},{"new_vehicle_spec_label":"Angle de fourche","new_vehicle_spec_value":"28","new_vehicle_spec_group":"Dimensions"},{"new_vehicle_spec_label":"Train\u00e9e (trail)","new_vehicle_spec_value":"137 mm (5,4 po)","new_vehicle_spec_group":"Dimensions"},{"new_vehicle_spec_label":"Empattement","new_vehicle_spec_value":"1 545 mm (60,8 po)","new_vehicle_spec_group":"Dimensions"},{"new_vehicle_spec_label":"Pneus, type","new_vehicle_spec_value":"S\u00e9rie Dunlop\u00ae Harley-Davidson, diagonaux \u00e0 flanc noir","new_vehicle_spec_group":"Dimensions"},{"new_vehicle_spec_label":"Pneu avant, mod\u00e8le","new_vehicle_spec_value":"D401F","new_vehicle_spec_group":"Dimensions"},{"new_vehicle_spec_label":"Pneu avant, sp\u00e9cification","new_vehicle_spec_value":"100\/90-19 57H","new_vehicle_spec_group":"Dimensions"},{"new_vehicle_spec_label":"Pneu arri\u00e8re, mod\u00e8le","new_vehicle_spec_value":"D401T","new_vehicle_spec_group":"Dimensions"},{"new_vehicle_spec_label":"Pneu arri\u00e8re, sp\u00e9cification","new_vehicle_spec_value":"150\/80B16 77H","new_vehicle_spec_group":"Dimensions"},{"new_vehicle_spec_label":"Capacit\u00e9 de carburant","new_vehicle_spec_value":"11,7 L (3,1 gal.)","new_vehicle_spec_group":"Dimensions"},{"new_vehicle_spec_label":"Capacit\u00e9 de r\u00e9serve (injection) \u2014 t\u00e9moin d'alerte","new_vehicle_spec_value":"3 L (0,8 gal.)","new_vehicle_spec_group":"Dimensions"},{"new_vehicle_spec_label":"Capacit\u00e9 d'huile (avec filtre)","new_vehicle_spec_value":"4,5 L (4,75 pt)","new_vehicle_spec_group":"Dimensions"},{"new_vehicle_spec_label":"Capacit\u00e9 de la transmission","new_vehicle_spec_value":"N\/D","new_vehicle_spec_group":"Dimensions"},{"new_vehicle_spec_label":"Capacit\u00e9 du carter de cha\u00eene primaire","new_vehicle_spec_value":"N\/D","new_vehicle_spec_group":"Dimensions"},{"new_vehicle_spec_label":"Capacit\u00e9 du liquide de refroidissement","new_vehicle_spec_value":"2,1 L (2,22 pt)","new_vehicle_spec_group":"Dimensions"},{"new_vehicle_spec_label":"Poids, exp\u00e9di\u00e9","new_vehicle_spec_value":"211 kg (465 lb)","new_vehicle_spec_group":"Dimensions"},{"new_vehicle_spec_label":"Poids en \u00e9tat de marche","new_vehicle_spec_value":"219 kg (483 lb)","new_vehicle_spec_group":"Dimensions"},{"new_vehicle_spec_label":"Poids brut maximal autoris\u00e9 (PBMA)","new_vehicle_spec_value":"418 kg (922 lb)","new_vehicle_spec_group":"Dimensions"},{"new_vehicle_spec_label":"Charge maximale essieu avant","new_vehicle_spec_value":"160 kg (353 lb)","new_vehicle_spec_group":"Dimensions"},{"new_vehicle_spec_label":"Charge maximale essieu arri\u00e8re","new_vehicle_spec_value":"270 kg (595 lb)","new_vehicle_spec_group":"Dimensions"},{"new_vehicle_spec_label":"Capacit\u00e9 de chargement \u2014 volume","new_vehicle_spec_value":"N\/D","new_vehicle_spec_group":"Dimensions"},{"new_vehicle_spec_label":"Moteur","new_vehicle_spec_value":"Revolution\u00ae Max 975T","new_vehicle_spec_group":"Moteur"},{"new_vehicle_spec_label":"Soupapes","new_vehicle_spec_value":"Arbre \u00e0 cames entra\u00een\u00e9 par cha\u00eene, DOHC, culbuteurs hydrauliques auto\u2011r\u00e9glants, distribution variable d'admission (VVT)\u00a0; quatre soupapes par cylindre","new_vehicle_spec_group":"Moteur"},{"new_vehicle_spec_label":"Al\u00e9sage","new_vehicle_spec_value":"97 mm (3,82 po)","new_vehicle_spec_group":"Moteur"},{"new_vehicle_spec_label":"Course","new_vehicle_spec_value":"66 mm (2,6 po)","new_vehicle_spec_group":"Moteur"},{"new_vehicle_spec_label":"Cylindr\u00e9e","new_vehicle_spec_value":"975 cm\u00b3 (59,5 po\u00b3)","new_vehicle_spec_group":"Moteur"},{"new_vehicle_spec_label":"Taux de compression","new_vehicle_spec_value":"12,0:1","new_vehicle_spec_group":"Moteur"},{"new_vehicle_spec_label":"Syst\u00e8me d'alimentation","new_vehicle_spec_value":"Injection \u00e9lectronique s\u00e9quentielle multipoint (ESPFI)","new_vehicle_spec_group":"Moteur"},{"new_vehicle_spec_label":"Filtre \u00e0 air","new_vehicle_spec_value":"Admission descendante, conduits d'admission accord\u00e9s (velocity stacks), m\u00e9dia filtrant lavable","new_vehicle_spec_group":"Moteur"},{"new_vehicle_spec_label":"\u00c9chappement","new_vehicle_spec_value":"2 en 1; catalyseur int\u00e9gr\u00e9 dans la ligne d'\u00e9chappement (collecteur)","new_vehicle_spec_group":"Moteur"},{"new_vehicle_spec_label":"Syst\u00e8me de lubrification","new_vehicle_spec_value":"Semi\u2011carter sec","new_vehicle_spec_group":"Moteur"},{"new_vehicle_spec_label":"Transmission primaire","new_vehicle_spec_value":"Engrenage, rapport 49\/89","new_vehicle_spec_group":"Transmission"},{"new_vehicle_spec_label":"Transmission finale","new_vehicle_spec_value":"Courroie, rapport 34\/80","new_vehicle_spec_group":"Transmission"},{"new_vehicle_spec_label":"Embrayage","new_vehicle_spec_value":"M\u00e9canique, 8 disques bain d'huile, assist\u00e9 et anti\u2011patinage, 1090 N","new_vehicle_spec_group":"Transmission"},{"new_vehicle_spec_label":"Bo\u00eete de vitesses","new_vehicle_spec_value":"6 rapports","new_vehicle_spec_group":"Transmission"},{"new_vehicle_spec_label":"Rapport global \u2014 1re","new_vehicle_spec_value":"12,21","new_vehicle_spec_group":"Transmission"},{"new_vehicle_spec_label":"Rapport global \u2014 2e","new_vehicle_spec_value":"9,022","new_vehicle_spec_group":"Transmission"},{"new_vehicle_spec_label":"Rapport global \u2014 3e","new_vehicle_spec_value":"6,994","new_vehicle_spec_group":"Transmission"},{"new_vehicle_spec_label":"Rapport global \u2014 4e","new_vehicle_spec_value":"5,641","new_vehicle_spec_group":"Transmission"},{"new_vehicle_spec_label":"Rapport global \u2014 5e","new_vehicle_spec_value":"4,731","new_vehicle_spec_group":"Transmission"},{"new_vehicle_spec_label":"Rapport global \u2014 6e","new_vehicle_spec_value":"4,131","new_vehicle_spec_group":"Transmission"},{"new_vehicle_spec_label":"Cadre","new_vehicle_spec_value":"Cadre treillis en acier alli\u00e9 haute r\u00e9sistance servant d'\u00e9l\u00e9ment porteur; jonctions embouties, moul\u00e9es et forg\u00e9es; soudure MIG; structure centrale en aluminium forg\u00e9","new_vehicle_spec_group":"Ch\u00e2ssis"},{"new_vehicle_spec_label":"Bras oscillant","new_vehicle_spec_value":"Acier doux, section tube rectangulaire, entretoise emboutie en X; soud\u00e9 MIG","new_vehicle_spec_group":"Ch\u00e2ssis"},{"new_vehicle_spec_label":"Fourche avant","new_vehicle_spec_value":"Fourche conventionnelle SHOWA\u00ae Dual Bending Valve 41 mm (1,6 po). T\u00e9s de fourche en aluminium.","new_vehicle_spec_group":"Ch\u00e2ssis"},{"new_vehicle_spec_label":"Fourche avant, optionnelle","new_vehicle_spec_value":"","new_vehicle_spec_group":"Ch\u00e2ssis"},{"new_vehicle_spec_label":"Amortisseurs arri\u00e8re","new_vehicle_spec_value":"Suspension arri\u00e8re \u00e0 double amortisseur mont\u00e9 en externe, action directe (sans biellettes), technologie \u00e9mulsion, ressorts h\u00e9lico\u00efdaux et collier filet\u00e9 pour r\u00e9glage de la pr\u00e9charge.","new_vehicle_spec_group":"Ch\u00e2ssis"},{"new_vehicle_spec_label":"Amortisseurs arri\u00e8re, optionnels","new_vehicle_spec_value":"","new_vehicle_spec_group":"Ch\u00e2ssis"},{"new_vehicle_spec_label":"Roues, style optionnel","new_vehicle_spec_value":"N\/D","new_vehicle_spec_group":"Ch\u00e2ssis"},{"new_vehicle_spec_label":"Roue avant, type","new_vehicle_spec_value":"Jante en aluminium moul\u00e9, argent","new_vehicle_spec_group":"Ch\u00e2ssis"},{"new_vehicle_spec_label":"Diam\u00e8tre roue avant","new_vehicle_spec_value":"19 po (483 mm)","new_vehicle_spec_group":"Ch\u00e2ssis"},{"new_vehicle_spec_label":"Largeur roue avant","new_vehicle_spec_value":"2,5 po (64 mm)","new_vehicle_spec_group":"Ch\u00e2ssis"},{"new_vehicle_spec_label":"Roue arri\u00e8re, type","new_vehicle_spec_value":"Jante en aluminium moul\u00e9, argent","new_vehicle_spec_group":"Ch\u00e2ssis"},{"new_vehicle_spec_label":"Diam\u00e8tre roue arri\u00e8re","new_vehicle_spec_value":"16 po (406 mm)","new_vehicle_spec_group":"Ch\u00e2ssis"},{"new_vehicle_spec_label":"Largeur roue arri\u00e8re","new_vehicle_spec_value":"4,25 po (108 mm)","new_vehicle_spec_group":"Ch\u00e2ssis"},{"new_vehicle_spec_label":"Freins, type d'\u00e9trier","new_vehicle_spec_value":"Avant : \u00e9trier 4 pistons mont\u00e9 axialement; Arri\u00e8re : \u00e9trier flottant, simple piston","new_vehicle_spec_group":"Ch\u00e2ssis"},{"new_vehicle_spec_label":"Freins, type de rotor","new_vehicle_spec_value":"Avant : disque unique flottant, mont\u00e9 sur moyeu; Arri\u00e8re : rotor solide \u00e0 dilatation uniforme","new_vehicle_spec_group":"Ch\u00e2ssis"},{"new_vehicle_spec_label":"Freins, diam\u00e8tre avant","new_vehicle_spec_value":"320 mm (12,6 po)","new_vehicle_spec_group":"Ch\u00e2ssis"},{"new_vehicle_spec_label":"Freins, \u00e9paisseur avant","new_vehicle_spec_value":"5,8 mm (0,23 po)","new_vehicle_spec_group":"Ch\u00e2ssis"},{"new_vehicle_spec_label":"Freins avant double","new_vehicle_spec_value":"Non","new_vehicle_spec_group":"Ch\u00e2ssis"},{"new_vehicle_spec_label":"Freins, diam\u00e8tre arri\u00e8re","new_vehicle_spec_value":"260 mm (10,2 po)","new_vehicle_spec_group":"Ch\u00e2ssis"},{"new_vehicle_spec_label":"Freins, \u00e9paisseur arri\u00e8re","new_vehicle_spec_value":"5 mm (0,2 po)","new_vehicle_spec_group":"Ch\u00e2ssis"},{"new_vehicle_spec_label":"Freins, syst\u00e8me antiblocage (ABS)","new_vehicle_spec_value":"De s\u00e9rie","new_vehicle_spec_group":"Ch\u00e2ssis"},{"new_vehicle_spec_label":"D\u00e9battement suspension, avant","new_vehicle_spec_value":"114 mm (4,5 po)","new_vehicle_spec_group":"Ch\u00e2ssis"},{"new_vehicle_spec_label":"D\u00e9battement suspension, arri\u00e8re","new_vehicle_spec_value":"76,2 mm (3 po)","new_vehicle_spec_group":"Ch\u00e2ssis"},{"new_vehicle_spec_label":"M\u00e9thode de mesure du couple moteur","new_vehicle_spec_value":"J1349","new_vehicle_spec_group":"Performances"},{"new_vehicle_spec_label":"Couple moteur","new_vehicle_spec_value":"97 N\u00b7m (72 ft\u2011lb)","new_vehicle_spec_group":"Performances"},{"new_vehicle_spec_label":"Couple moteur","new_vehicle_spec_value":"5 750","new_vehicle_spec_group":"Performances"},{"new_vehicle_spec_label":"Puissance","new_vehicle_spec_value":"91 ch \/ 68 kW \u00e0 7 500 tr\/min","new_vehicle_spec_group":"Performances"},{"new_vehicle_spec_label":"M\u00e9thode de mesure d'inclinaison","new_vehicle_spec_value":"J1168","new_vehicle_spec_group":"Performances"},{"new_vehicle_spec_label":"Angle d'inclinaison, droite","new_vehicle_spec_value":"32","new_vehicle_spec_group":"Performances"},{"new_vehicle_spec_label":"Angle d'inclinaison, gauche","new_vehicle_spec_value":"32","new_vehicle_spec_group":"Performances"},{"new_vehicle_spec_label":"M\u00e9thode d'essai de consommation","new_vehicle_spec_value":"UE 134\/2014","new_vehicle_spec_group":"Consommation et \u00e9missions CO2"},{"new_vehicle_spec_label":"Consommation de carburant","new_vehicle_spec_value":"5,5 L\/100 km (43 mpg)","new_vehicle_spec_group":"Consommation et \u00e9missions CO2"},{"new_vehicle_spec_label":"M\u00e9thode d'essai des \u00e9missions de CO2","new_vehicle_spec_value":"UE 134\/2014","new_vehicle_spec_group":"Consommation et \u00e9missions CO2"},{"new_vehicle_spec_label":"\u00c9missions de CO2","new_vehicle_spec_value":"130 g\/km CO2","new_vehicle_spec_group":"Consommation et \u00e9missions CO2"},{"new_vehicle_spec_label":"Bruit au ralenti","new_vehicle_spec_value":"N\/D","new_vehicle_spec_group":"Consommation et \u00e9missions CO2"},{"new_vehicle_spec_label":"Batterie","new_vehicle_spec_value":"Batterie scell\u00e9e sans entretien, AGM (absorbed glass mat), 12 V, 12 Ah, 225 A de d\u00e9marrage \u00e0 0 \u00b0F","new_vehicle_spec_group":"\u00c9lectrique"},{"new_vehicle_spec_label":"Charge\/alternateur","new_vehicle_spec_value":"Syst\u00e8me triphas\u00e9 45 A (300 W @ 13 V, 1 200 tr\/min; puissance max 585 W @ 13 V, 2 250 tr\/min)","new_vehicle_spec_group":"\u00c9lectrique"},{"new_vehicle_spec_label":"D\u00e9marrage","new_vehicle_spec_value":"D\u00e9marreur \u00e9lectrique 0,9 kW avec entra\u00eenement \u00e0 prise directe","new_vehicle_spec_group":"\u00c9lectrique"},{"new_vehicle_spec_label":"Phare (selon r\u00e9glementation)","new_vehicle_spec_value":"Phares enti\u00e8rement LED, feux de croisement et route avec \u00e9clairage de position signature","new_vehicle_spec_group":"\u00c9lectrique"},{"new_vehicle_spec_label":"Feu arri\u00e8re\/stop (selon r\u00e9glementation)","new_vehicle_spec_value":"\u00c9clairage arri\u00e8re enti\u00e8rement LED","new_vehicle_spec_group":"\u00c9lectrique"},{"new_vehicle_spec_label":"Clignotants avant (selon r\u00e9glementation)","new_vehicle_spec_value":"Clignotants avant LED en forme de 'bullet' (obus)","new_vehicle_spec_group":"\u00c9lectrique"},{"new_vehicle_spec_label":"Clignotants arri\u00e8re","new_vehicle_spec_value":"Clignotants arri\u00e8re LED en forme de 'bullet' (obus)","new_vehicle_spec_group":"\u00c9lectrique"},{"new_vehicle_spec_label":"Instruments","new_vehicle_spec_value":"\u00c9cran TFT 4 po (102 mm) visible affichant vitesse, rapport engag\u00e9, odom\u00e8tre, niveau de carburant, horloge, trajet, temp\u00e9rature ambiante, alerte basse temp\u00e9rature, alerte b\u00e9quille lat\u00e9rale baiss\u00e9e, alerte de basculement, r\u00e9gulateur, autonomie et compte\u2011tour. Compatible BT \u2014 appairage t\u00e9l\u00e9phone pour appels, musique, navigation (application H\u2011D UNIQUEMENT)","new_vehicle_spec_group":"\u00c9lectrique"},{"new_vehicle_spec_label":"Projecteurs auxiliaires","new_vehicle_spec_value":"N\/D","new_vehicle_spec_group":"\u00c9lectrique"},{"new_vehicle_spec_label":"Prise \u00e9lectrique","new_vehicle_spec_value":"USB Type\u2011C, sortie 5 V \u00e0 2,4 A","new_vehicle_spec_group":"\u00c9lectrique"},{"new_vehicle_spec_label":"Syst\u00e8me GPS","new_vehicle_spec_value":"N\/D","new_vehicle_spec_group":"\u00c9lectrique"},{"new_vehicle_spec_label":"Marche arri\u00e8re","new_vehicle_spec_value":"N\/D","new_vehicle_spec_group":"\u00c9lectrique"},{"new_vehicle_spec_label":"Syst\u00e8me d'infodivertissement","new_vehicle_spec_value":"N\/D","new_vehicle_spec_group":"Infodivertissement"},{"new_vehicle_spec_label":"Taille d'\u00e9cran","new_vehicle_spec_value":"4 po (102 mm)","new_vehicle_spec_group":"Infodivertissement"},{"new_vehicle_spec_label":"Type","new_vehicle_spec_value":"TFT couleur","new_vehicle_spec_group":"Infodivertissement"},{"new_vehicle_spec_label":"Watts par canal","new_vehicle_spec_value":"N\/D","new_vehicle_spec_group":"Infodivertissement"},{"new_vehicle_spec_label":"Haut\u2011parleurs","new_vehicle_spec_value":"N\/D","new_vehicle_spec_group":"Infodivertissement"},{"new_vehicle_spec_label":"Taille des haut\u2011parleurs","new_vehicle_spec_value":"N\/D","new_vehicle_spec_group":"Infodivertissement"},{"new_vehicle_spec_label":"Sp\u00e9cifications du casque (si \u00e9quip\u00e9)","new_vehicle_spec_value":"Bluetooth","new_vehicle_spec_group":"Infodivertissement"},{"new_vehicle_spec_label":"AM","new_vehicle_spec_value":"N\/D","new_vehicle_spec_group":"Infodivertissement"},{"new_vehicle_spec_label":"FM","new_vehicle_spec_value":"N\/D","new_vehicle_spec_group":"Infodivertissement"},{"new_vehicle_spec_label":"Carte SD, cl\u00e9 USB et MP3 \u2014 via USB","new_vehicle_spec_value":"N\/D","new_vehicle_spec_group":"Infodivertissement"},{"new_vehicle_spec_label":"Langues","new_vehicle_spec_value":"Arabe, Chinois (simplifi\u00e9\/traditionnel), Tch\u00e8que, Danois, N\u00e9erlandais, Anglais (par d\u00e9faut), Finnois, Fran\u00e7ais (Canada\/France), Allemand, Grec, Hongrois, Italien, Japonais, Cor\u00e9en, Norv\u00e9gien, Polonais, Portugais (Portugal\/Br\u00e9sil), Indon\u00e9sien, Russe, Slovaque, Espagnol (Mexique\/Espagne), Su\u00e9dois, Tha\u00ef, Turc, Vietnamien","new_vehicle_spec_group":"Infodivertissement"},{"new_vehicle_spec_label":"T\u00e9l\u00e9phone mains libres \u2014 via Bluetooth","new_vehicle_spec_value":"De s\u00e9rie","new_vehicle_spec_group":"Infodivertissement"},{"new_vehicle_spec_label":"Langues reconnaissance vocale : fonctions t\u00e9l\u00e9phone seulement","new_vehicle_spec_value":"D\u00e9pend du t\u00e9l\u00e9phone","new_vehicle_spec_group":"Infodivertissement"},{"new_vehicle_spec_label":"Langues reconnaissance vocale : radio\/m\u00e9dia\/navigation","new_vehicle_spec_value":"D\u00e9pend du t\u00e9l\u00e9phone","new_vehicle_spec_group":"Infodivertissement"},{"new_vehicle_spec_label":"Intercom pilote\/passager","new_vehicle_spec_value":"Fonction casque seulement","new_vehicle_spec_group":"Infodivertissement"},{"new_vehicle_spec_label":"\u00c9cran d'information v\u00e9hicule (temp. air, pression huile et EITMS)","new_vehicle_spec_value":"TPMS, temp\u00e9rature moteur, tension batterie, temp\u00e9rature ambiante","new_vehicle_spec_group":"Infodivertissement"},{"new_vehicle_spec_label":"Langues synth\u00e8se vocale (TTS)","new_vehicle_spec_value":"D\u00e9pend du t\u00e9l\u00e9phone","new_vehicle_spec_group":"Infodivertissement"},{"new_vehicle_spec_label":"USB","new_vehicle_spec_value":"Chargement et mise \u00e0 jour des instruments, USB\u2011C, 5 V, 3 A","new_vehicle_spec_group":"Infodivertissement"},{"new_vehicle_spec_label":"Connectivit\u00e9 t\u00e9l\u00e9phone","new_vehicle_spec_value":"N\/D","new_vehicle_spec_group":"Infodivertissement"},{"new_vehicle_spec_label":"Bluetooth","new_vehicle_spec_value":"T\u00e9l\u00e9phone\/m\u00e9dia pris en charge","new_vehicle_spec_group":"Infodivertissement"},{"new_vehicle_spec_label":"Navigation \u2014 via Bluetooth","new_vehicle_spec_value":"","new_vehicle_spec_group":"Infodivertissement"},{"new_vehicle_spec_label":"Garantie","new_vehicle_spec_value":"24 mois (kilom\u00e9trage illimit\u00e9)","new_vehicle_spec_group":"Garantie et entretien"},{"new_vehicle_spec_label":"Intervalle d'entretien","new_vehicle_spec_value":"Premi\u00e8re visite \u00e0 1 000 milles (1 600 km), ensuite tous les 5 000 milles (8 000 km)","new_vehicle_spec_group":"Garantie et entretien"}],"new_vehicle_order":"40120550","new_vehicle_managed_instock":true,"new_vehicle_pre_release":false,"new_vehicle_brochure_url":""},"_links":{"self":[{"href":"https:\/\/harleyvicto.com\/fr\/wp-json\/wp\/v2\/motorcycle\/29844"}],"collection":[{"href":"https:\/\/harleyvicto.com\/fr\/wp-json\/wp\/v2\/motorcycle"}],"about":[{"href":"https:\/\/harleyvicto.com\/fr\/wp-json\/wp\/v2\/types\/motorcycle"}],"wp:attachment":[{"href":"https:\/\/harleyvicto.com\/fr\/wp-json\/wp\/v2\/media?parent=29844"}],"wp:term":[{"taxonomy":"price-range","embeddable":true,"href":"https:\/\/harleyvicto.com\/fr\/wp-json\/wp\/v2\/price-range?post=29844"}],"curies":[{"name":"wp","href":"https:\/\/api.w.org\/{rel}","templated":true}]}}